{"id":379,"date":"2016-10-17T12:15:04","date_gmt":"2016-10-17T10:15:04","guid":{"rendered":"http:\/\/www.gymnasium-wanne.de\/wordpress\/?page_id=379"},"modified":"2023-08-14T11:45:34","modified_gmt":"2023-08-14T09:45:34","slug":"informationen-zum-mittagessen","status":"publish","type":"page","link":"https:\/\/www.gymnasium-wanne.de\/wordpress\/ganztag\/mensa\/informationen-zum-mittagessen\/","title":{"rendered":"Informationen zum Mittagessen"},"content":{"rendered":"<div id=\"art-main\">\n<div class=\"art-box art-sheet\">\n<div class=\"art-box-body art-sheet-body\">\n<div class=\"art-layout-wrapper\">\n<div class=\"art-content-layout\">\n<div class=\"art-content-layout-row\">\n<div class=\"art-layout-cell art-content\">\n<div class=\"item-page\">\n<div class=\"art-box art-post\">\n<div class=\"art-box-body art-post-body\">\n<div class=\"art-post-inner\">\n<div class=\"art-postcontent\">\n<div class=\"art-article\">\n<p style=\"text-align: left;\" align=\"center\"><strong>Grunds\u00e4tze<\/strong><\/p>\n<ol start=\"1\">\n<li>Zielsetzung: Das Mittagessen im Speisesaal dient im modern rhythmisierten Schultag der St\u00e4rkung, Entspannung und Erholung und soll das gemeinsame Einnehmen einer Mahlzeit als wichtigen Bestandteil der Schulkultur erfahrbar machen.<\/li>\n<li>Qualit\u00e4t: Das Essen soll vielf\u00e4ltig und abwechslungsreich, mit einem m\u00f6glichst hohen Frischeanteil zubereitet sowie gesund und schmackhaft sein.<\/li>\n<li>Preis: Der Preis im Abonnement betr\u00e4gt derzeit durchschnittlich \u20ac 2,90 pro Mahlzeit.<\/li>\n<li>P\u00e4dagogisches Konzept: Das Mittagessen im Speisesaal ist in das Schulprogramm eingebunden. Sch\u00fclerinnen und Sch\u00fcler \u00fcbernehmen Verantwortung im Bereich der Organisation und des Abr\u00e4umens, Lehrerinnen und Lehrer begleiten und beaufsichtigen die Kinder und Jugendlichen.<\/li>\n<\/ol>\n<p><strong>Das Mensa-Abonnement<\/strong><\/p>\n<ol start=\"1\">\n<li>Das vielf\u00e4ltige und abwechslungsreiche Angebot kann nur dann verl\u00e4sslich an den drei langen Schultagen sichergestellt werden, wenn die Eltern f\u00fcr ein Halbjahr (entspricht 6 Monaten) buchen.<\/li>\n<li>Die Eltern erteilen dem F\u00f6rderverein eine Einzugserm\u00e4chtigung. Monatlich werden 34,8 \u20ac abgebucht.<\/li>\n<li>Der Monatsbeitrag errechnet sich wie folgt: In den 40 Schulwochen werden ca. 110 Tage mit Mahlzeiten an den w\u00f6chentlich drei Langtagen sein. Abgezogen werden 3 Schultage wegen Krankheit, so dass sich ein monatlicher Betrag von \u20ac 34,80 ergibt.<\/li>\n<li>Wer Hilfen zum Lebensunterhalt bzw. Leistungen nach dem Hartz-IV-Gesetz bezieht, erh\u00e4lt von der Stadt Herne einen Essensgeldzuschuss, so dass sich der erm\u00e4\u00dfigte Monatsbeitrag zurzeit auf 9,00 \u20ac bel\u00e4uft. Zuschussberechtigte holen das entsprechende Formular beim zust\u00e4ndigen Sachbearbeiter ab und legen es im Schulsekretariat vor.<\/li>\n<li>Der Einzug erfolgt gleichbleibend \u2013 <strong><em>auch in Monaten mit Ferienzeiten<\/em><\/strong> -, damit die Kosten gleichm\u00e4\u00dfig \u00fcber das Jahr verteilt werden.<\/li>\n<li>Sollte ein Kind l\u00e4nger als eine Woche wegen Krankheit fehlen, so erhalten die Eltern auf Antrag die R\u00fcckerstattung der nicht in Anspruch genommenen Verpflegung vom vierten Essenstag an.<\/li>\n<li>Da das Schuljahr in NRW offiziell immer am 1.08. beginnt, wird der erste Einzug jeweils Anfang August erfolgen.<\/li>\n<li>Der Vertrag verl\u00e4ngert sich um weitere 6 Monate, wenn er nicht sp\u00e4testens zum 15.06. bzw. zum 15.12. eines Jahres schriftlich gek\u00fcndigt wird.<\/li>\n<\/ol>\n<\/div>\n<\/div>\n<\/div>\n<\/div>\n<\/div>\n<\/div>\n<\/div>\n<\/div>\n<\/div>\n<\/div>\n<\/div>\n<\/div>\n<\/div>\n","protected":false},"excerpt":{"rendered":"<p>Grunds\u00e4tze Zielsetzung: Das Mittagessen im Speisesaal dient im modern rhythmisierten Schultag der St\u00e4rkung, Entspannung und Erholung und soll das gemeinsame Einnehmen einer Mahlzeit als wichtigen Bestandteil der Schulkultur erfahrbar machen. Qualit\u00e4t: Das Essen soll vielf\u00e4ltig und abwechslungsreich, mit einem m\u00f6glichst &hellip; <a href=\"https:\/\/www.gymnasium-wanne.de\/wordpress\/ganztag\/mensa\/informationen-zum-mittagessen\/\">Weiter<\/a><\/p>\n","protected":false},"author":1,"featured_media":0,"parent":105,"menu_order":0,"comment_status":"closed","ping_status":"closed","template":"","meta":{"footnotes":""},"class_list":["post-379","page","type-page","status-publish","hentry"],"publishpress_future_action":{"enabled":false,"date":"2026-05-10 12:42:40","action":"change-status","newStatus":"draft","terms":[],"taxonomy":"","extraData":[]},"publishpress_future_workflow_manual_trigger":{"enabledWorkflows":[]},"_links":{"self":[{"href":"https:\/\/www.gymnasium-wanne.de\/wordpress\/wp-json\/wp\/v2\/pages\/379","targetHints":{"allow":["GET"]}}],"collection":[{"href":"https:\/\/www.gymnasium-wanne.de\/wordpress\/wp-json\/wp\/v2\/pages"}],"about":[{"href":"https:\/\/www.gymnasium-wanne.de\/wordpress\/wp-json\/wp\/v2\/types\/page"}],"author":[{"embeddable":true,"href":"https:\/\/www.gymnasium-wanne.de\/wordpress\/wp-json\/wp\/v2\/users\/1"}],"replies":[{"embeddable":true,"href":"https:\/\/www.gymnasium-wanne.de\/wordpress\/wp-json\/wp\/v2\/comments?post=379"}],"version-history":[{"count":5,"href":"https:\/\/www.gymnasium-wanne.de\/wordpress\/wp-json\/wp\/v2\/pages\/379\/revisions"}],"predecessor-version":[{"id":4020,"href":"https:\/\/www.gymnasium-wanne.de\/wordpress\/wp-json\/wp\/v2\/pages\/379\/revisions\/4020"}],"up":[{"embeddable":true,"href":"https:\/\/www.gymnasium-wanne.de\/wordpress\/wp-json\/wp\/v2\/pages\/105"}],"wp:attachment":[{"href":"https:\/\/www.gymnasium-wanne.de\/wordpress\/wp-json\/wp\/v2\/media?parent=379"}],"curies":[{"name":"wp","href":"https:\/\/api.w.org\/{rel}","templated":true}]}}