{"id":237,"date":"2016-09-15T18:34:29","date_gmt":"2016-09-15T16:34:29","guid":{"rendered":"http:\/\/www.gymnasium-wanne.de\/wordpress\/?page_id=237"},"modified":"2024-11-05T12:59:47","modified_gmt":"2024-11-05T11:59:47","slug":"kooperationen","status":"publish","type":"page","link":"https:\/\/www.gymnasium-wanne.de\/wordpress\/kooperationen\/","title":{"rendered":"Kooperationen"},"content":{"rendered":"<h2 class=\"art-postheader\">Kooperationspartner<\/h2>\n<div class=\"art-postcontent\">\n<div class=\"art-article\">\n<p><strong>Gesamtschule Wanne-Eickel und Gymnasium Eickel<\/strong><\/p>\n<p>Seit Jahren sind die Gesamtschule Wanne-Eickel und das Gymnasium Eickel wichtige Kooperationspartner des Gymnasiums Wanne.<\/p>\n<p>Kursangebote im Wahlpflichtbereich II der Sekundarstufe I und umfangreiche Wahlm\u00f6glichkeiten der Sch\u00fclerinnen und Sch\u00fcler aller drei Schulen in der Oberstufe k\u00f6nnen dadurch realisiert werden, dass die Schulleitungen und Oberstufenkoordinatoren bei der Einrichtung von Grund- und Leistungskursen eng zusammenarbeiten.<\/p>\n<p><strong>Kommunales Integrationszentrum Herne (vormals RAA)<\/strong><\/p>\n<p>Seit Jahren unterst\u00fctzt das KI die Kinder und Jugendlichen des Gymnasiums Wanne im unterrichtlichen und au\u00dferunterrichtlichen Bereich.<\/p>\n<p>Mit finanzieller und personeller Hilfe des KI kann das Gymnasium Wanne verl\u00e4sslich einen F\u00f6rderkurs \u201eLese- und Schreibkompetenz\u201c f\u00fcr Kinder mit Migrationshintergrund in den Klassen 5 und 6 anbieten. In je zwei zus\u00e4tzlichen Unterrichtsstunden w\u00f6chentlich erweitern die Sch\u00fclerinnen und Sch\u00fcler zun\u00e4chst ihre Lesekompetenz, die \u2013 wie die wissenschaftliche Begleitforschung festgestellt hat &#8211; entscheidend f\u00fcr den Schulerfolg ist. Im n\u00e4chsten Schritt wird \u2013 ebenfalls angeleitet durch eine Fachkraft auf Honorarbasis die Schreibkompetenz weiterentwickelt.<\/p>\n<p>Au\u00dferdem ber\u00e4t und unterst\u00fctzt das KI bei Bedarf Kinder, Jugendliche und Familien mit Migrationshintergrund.<\/p>\n<p>Seit Oktober 2014 hilft uns das KI bei der Betreuung der Kinder unserer internationalen Auffangklasse.<\/p>\n<p><strong>Agentur f\u00fcr Arbeit<\/strong><\/p>\n<p>Die Agentur f\u00fcr Arbeit bietet f\u00fcr die Sch\u00fclerinnen und Sch\u00fcler des Gymnasiums Wanne seit langem eine Berufs- und Studienberatung in den verschiedenen Jahrgangsstufen an. Sch\u00fclerinnen und Sch\u00fcler der Jahrgangsstufe 9 besuchen das BIZ in Bochum und informieren sich \u00fcber die verschiedenen Berufsfelder.<\/p>\n<p>In der Oberstufe gibt es neben allgemeinen Informationsveranstaltungen (z.B. &#8222;Wege nach dem Abitur&#8220;) auch das Angebot von individuellen Beratungsgespr\u00e4chen mit Frau Biernat, unserer Berufsberaterin der Agentur f\u00fcr Arbeit. Kontaktinformationen befinden sich auf unserer TEAMS-Plattform in den Gruppen zur Studien und Berufsorientierung.<\/p>\n<p><strong>SPARDA-Bank Herne-West e.G.<\/strong><\/p>\n<p>Die SPARDA-Bank unterst\u00fctzt seit vielen Jahren das Gymnasium Wanne. Die Sch\u00fclerinnen und Sch\u00fcler der Einf\u00fchrungsphase erhalten von Angestellten der SPARDA-Bank Einblick in die Ausbildung des Bankkaufmannes\/der Bankkauffrau. Im Rahmen dieser Veranstaltung werden auch Einstellungsgespr\u00e4che simuliert.<\/p>\n<p>Dar\u00fcber hinaus profitieren die Sch\u00fclerinnen und Sch\u00fcler von den gro\u00dfz\u00fcgigen Spenden der SPARDA-Bank aus Reinertr\u00e4gen des Gewinnsparens. So konnten im Verlauf der letzten Jahre zwei Tischtennisplatten f\u00fcr den Schulhof angeschafft werden. Vier mobile Tischtennisplatten f\u00fcr den Hallensport erm\u00f6glichen den Sch\u00fclerinnen und Sch\u00fclern sportliche Aktivit\u00e4ten in der Mittagspause.<\/p>\n<p>Die SPARDA vermittelt f\u00fcr Sch\u00fclerinnen und Sch\u00fcler der Oberstufe allj\u00e4hrlich einen Besuch im D\u00fcsseldorfer Landtag.<\/p>\n<p>\u00dcber den LCD-Monitor in der Eingangshalle k\u00f6nnen die Sch\u00fclerinnen und Sch\u00fcler den jeweils aktuellen Vertretungsplan einsehen und sich \u00fcber Veranstaltungen und Treffen informieren.<\/p>\n<p>F\u00fcr die Ausstattung der \u00dcbermittagsbetreuung spendete die SPARDA \u201eChill-Out-Bananas\u201c, bequeme Sitzs\u00e4cke, auf denen sich die Kinder und Jugendlichen mit einem der ebenfalls gespendeten B\u00fccher niederlassen und gem\u00fctlich entspannen k\u00f6nnen.<\/p>\n<p><strong>DACHSER Intelligent Logistics Niederlassung Herne<\/strong><\/p>\n<p>Seit Mai 2010 kooperiert das Gymnasium Wanne mit dem globalen Unternehmen DACHSER. Vermittelt wurde die Partnerschaft durch das Kooperationsnetz Schule-Wirtschaft.<\/p>\n<p>Die Niederlassung Herne der Firma DACHSER bietet Sch\u00fclerinnen und Sch\u00fclern verschiedener Jahrgangsstufen einen Einblick in die Berufswelt der modernen Wirtschaft, indem sie Betriebsbesichtigungen in verschiedenen Jahrgangsstufen anbietet und organisiert.<\/p>\n<p>Die Firma stellt auch Mitarbeiterinnen\/Mitarbeiter zur Verf\u00fcgung, die den Unterricht in Kursen der Oberstufe (Erdkunde: Chancen und Risiken eines globalen Unternehmens; Philosophie: Unternehmensethik) besuchen und sich der Diskussion mit der Lerngruppe stellen. Es besteht auch das Angebot der Unterst\u00fctzung von Sch\u00fclerinnen und Sch\u00fclern der Q1, die eine Facharbeit im Bereich Wirtschaft erstellen wollen.<\/p>\n<p>DACHSER bietet im Rahmen der Berufsvorbereitung Sch\u00fclerinnen und Sch\u00fclern der Oberstufe einen authentischen Einstellungstest sowie Einstellungsgespr\u00e4che an, die \u201eechte\u201c Bewerbungsverfahren 100%ig simulieren.<\/p>\n<p>F\u00fcr das Sch\u00fclerbetriebspraktikum in der Einf\u00fchrungsphase bietet DACHSER pro Jahr zwei bis drei Pl\u00e4tze f\u00fcr das Gymnasium Wanne an. Dar\u00fcber hinaus k\u00f6nnen ernsthaft an einem Ausbildungsplatz bei DACHSER interessierte Jugendliche auch ein Ferienpraktikum durchf\u00fchren.<\/p>\n<p>Wichtig f\u00fcr die fr\u00fchzeitige Kontaktaufnahme mit der Berufswelt ist auch der Girls\u2018 and Boys\u2018 Day. Auch hierf\u00fcr \u00f6ffnet sich das Unternehmen.<\/p>\n<p>DACHSER hat das Gymnasium Wanne dar\u00fcber hinaus sehr gro\u00dfz\u00fcgig gesponsert, z.B. bei der Gestaltung der Mensa und unseren Schulplanern.<\/p>\n<p>Stand: M\u00e4rz 2023<\/p>\n<\/div>\n<\/div>\n","protected":false},"excerpt":{"rendered":"<p>Kooperationspartner Gesamtschule Wanne-Eickel und Gymnasium Eickel Seit Jahren sind die Gesamtschule Wanne-Eickel und das Gymnasium Eickel wichtige Kooperationspartner des Gymnasiums Wanne. Kursangebote im Wahlpflichtbereich II der Sekundarstufe I und umfangreiche Wahlm\u00f6glichkeiten der Sch\u00fclerinnen und Sch\u00fcler aller drei Schulen in der &hellip; <a href=\"https:\/\/www.gymnasium-wanne.de\/wordpress\/kooperationen\/\">Weiter<\/a><\/p>\n","protected":false},"author":3,"featured_media":0,"parent":0,"menu_order":0,"comment_status":"closed","ping_status":"closed","template":"","meta":{"footnotes":""},"class_list":["post-237","page","type-page","status-publish","hentry"],"publishpress_future_action":{"enabled":false,"date":"2026-05-10 12:38:24","action":"change-status","newStatus":"draft","terms":[],"taxonomy":"","extraData":[]},"publishpress_future_workflow_manual_trigger":{"enabledWorkflows":[]},"_links":{"self":[{"href":"https:\/\/www.gymnasium-wanne.de\/wordpress\/wp-json\/wp\/v2\/pages\/237","targetHints":{"allow":["GET"]}}],"collection":[{"href":"https:\/\/www.gymnasium-wanne.de\/wordpress\/wp-json\/wp\/v2\/pages"}],"about":[{"href":"https:\/\/www.gymnasium-wanne.de\/wordpress\/wp-json\/wp\/v2\/types\/page"}],"author":[{"embeddable":true,"href":"https:\/\/www.gymnasium-wanne.de\/wordpress\/wp-json\/wp\/v2\/users\/3"}],"replies":[{"embeddable":true,"href":"https:\/\/www.gymnasium-wanne.de\/wordpress\/wp-json\/wp\/v2\/comments?post=237"}],"version-history":[{"count":8,"href":"https:\/\/www.gymnasium-wanne.de\/wordpress\/wp-json\/wp\/v2\/pages\/237\/revisions"}],"predecessor-version":[{"id":4252,"href":"https:\/\/www.gymnasium-wanne.de\/wordpress\/wp-json\/wp\/v2\/pages\/237\/revisions\/4252"}],"wp:attachment":[{"href":"https:\/\/www.gymnasium-wanne.de\/wordpress\/wp-json\/wp\/v2\/media?parent=237"}],"curies":[{"name":"wp","href":"https:\/\/api.w.org\/{rel}","templated":true}]}}